{"id":62,"date":"2020-12-05T23:38:05","date_gmt":"2020-12-05T22:38:05","guid":{"rendered":"https:\/\/logisel.org\/ville-emmerin\/wordpress\/?page_id=62"},"modified":"2026-02-19T14:04:51","modified_gmt":"2026-02-19T13:04:51","slug":"personnel-de-votre-mairie","status":"publish","type":"page","link":"https:\/\/www.emmerin.fr\/index.php\/personnel-de-votre-mairie\/","title":{"rendered":"Personnel de votre Mairie"},"content":{"rendered":"\n<h2 class=\"wp-block-heading\">Les services Administratifs:<\/h2>\n\n\n\n<p>L&rsquo;\u00e9quipe administrative vous accueille du lundi au samedi selon les horaires d&rsquo;ouverture. Afin de garantir une qualit\u00e9 d\u2019accueil optimale pendant ces larges plages d\u2019ouverture, deux cr\u00e9neaux horaires (les mardi et jeudi de 13H30 \u00e0 16H) sont r\u00e9serv\u00e9s au travail en interne&nbsp;: r\u00e9unions d\u2019\u00e9quipe ou travaux n\u00e9cessitant une &nbsp;confidentialit\u00e9 ou une concentration particuli\u00e8re.<\/p>\n\n\n\n<p>V\u00e9ritable interface entre les \u00e9lus et les administr\u00e9s, les agents administratifs sont le premier contact que vous avez avec la municipalit\u00e9. Aussi, pour r\u00e9pondre rapidement de mani\u00e8re pertinente \u00e0 vos demandes (qui sont de plus en plus diversifi\u00e9es), elles se doivent d\u2019avoir, non seulement, une bonne connaissance de la commune et de ses acteurs sociaux mais aussi de suivre la constante \u00e9volution des textes l\u00e9gislatifs. C\u2019est la raison pour laquelle, chacune d\u2019entre elles, gr\u00e2ce \u00e0 une formation continue enrichie d\u2019exp\u00e9rience personnelle, s\u2019est sp\u00e9cialis\u00e9e dans un domaine particulier. Toutefois, un minimum de polyvalence, leur permet, de vous renseigner, en l\u2019absence de la coll\u00e8gue \u00ab&nbsp;sp\u00e9cialiste&nbsp;\u00bb, &nbsp;sur les domaines d\u2019activit\u00e9 suivants&nbsp;:<\/p>\n\n\n\n<p>&#8211; \u00e9tat civil, \u00e9lections, recensement militaire, <\/p>\n\n\n\n<p>&#8211; gestion du patrimoine&nbsp;: cimeti\u00e8re, salles communales, logements, occupation du<\/p>\n\n\n\n<p>&nbsp; domaine&nbsp; public<\/p>\n\n\n\n<p>&#8211; facturation des services p\u00e9riscolaires&nbsp;<\/p>\n\n\n\n<p>&#8211; urbanisme&nbsp;: d\u00e9claration de travaux, permis de construire, projets immobiliers &nbsp;<\/p>\n\n\n\n<p>&#8211; comptabilit\u00e9&nbsp;: paiement des factures et encaissement des recettes <\/p>\n\n\n\n<p>&#8211; communication et suivi des actes r\u00e9glementaires <\/p>\n\n\n\n<p>&#8211; gestion du courrier, de la correspondance et de l\u2019agenda du Maire <\/p>\n\n\n\n<p>&#8211; administration du personnel&nbsp;: carri\u00e8re et paie<\/p>\n\n\n\n<p>De m\u00eame, si les demandes qui leur sont formul\u00e9es ne sont pas&nbsp; de la comp\u00e9tence communale, elles sont en mesure de &nbsp;vous r\u00e9orienter vers les services comp\u00e9tents.<\/p>\n\n\n\n<h2 class=\"wp-block-heading\">La Directrice G\u00e9n\u00e9rale&nbsp;des Services<\/h2>\n\n\n\n<p>Plac\u00e9e directement sous l\u2019autorit\u00e9 de Madame le Maire, Mme Monique HERDHUIN, en collaboration avec l\u2019ensemble des \u00e9lus, organise et coordonne l&rsquo;activit\u00e9 municipale. Avec son \u00e9quipe, elle est charg\u00e9e de mettre en application les d\u00e9cisions du Conseil Municipal. Ses principales missions&nbsp;:<\/p>\n\n\n\n<ul class=\"wp-block-list\">\n<li>La gestion organisationnelle, administrative et financi\u00e8re du personnel (carri\u00e8re, paie)<\/li>\n\n\n\n<li>la veille juridique et le conseil aux \u00e9lus pour garantir la l\u00e9galit\u00e9 des actes<\/li>\n\n\n\n<li>La pr\u00e9paration et le suivi des commissions et conseils municipaux<\/li>\n\n\n\n<li>La pr\u00e9paration et le suivi des budgets<\/li>\n\n\n\n<li>L\u2019application du code des march\u00e9s publics<\/li>\n<\/ul>\n\n\n\n<h2 class=\"wp-block-heading\">Les services Techniques<\/h2>\n\n\n\n<p>V\u00e9ritable force d\u2019action de la municipalit\u00e9, cette \u00e9quipe de techniciens, plac\u00e9e  sous la responsabilit\u00e9 de M. Xavier CROCCEL,&nbsp;participe \u00e0 la r\u00e9alisation et \u00e0 l&rsquo;entretien&nbsp;des&nbsp;diff\u00e9rents am\u00e9nagements urbains et paysag\u00e9s&nbsp;concourant \u00e0 un cadre de vie agr\u00e9able.<\/p>\n\n\n\n<p>les services techniques sont&nbsp;articul\u00e9s autour de 4 axes&nbsp;:<\/p>\n\n\n\n<p>1\/ Entretien de la voirie communale et mise en s\u00e9curit\u00e9<\/p>\n\n\n\n<p>C\u2019est pr\u00e8s de 36 km de voirie qui sont nettoy\u00e9s par (trottoirs, chauss\u00e9es, voyettes). En hiver, un salage et un d\u00e9neigement&nbsp;des voies d\u2019acc\u00e8s fortement fr\u00e9quent\u00e9es sont&nbsp;assur\u00e9s par l\u2019\u00e9quipe pour garantir la s\u00e9curit\u00e9 des automobilistes et des pi\u00e9tons. L\u2019entretien du cimeti\u00e8re est, \u00e9galement, &nbsp;assur\u00e9 par l&rsquo;\u00e9quipe technique.<\/p>\n\n\n\n<p>2\/ Entretien et maintenance des \u00e9difices et b\u00e2timents communaux<\/p>\n\n\n\n<p>Deux agents sont plus sp\u00e9cifiquement affect\u00e9s \u00e0 l\u2019entretien des diff\u00e9rents b\u00e2timents communaux. Ils r\u00e9alisent les&nbsp;travaux d\u2019urgence et&nbsp;participent \u00e0 la&nbsp;r\u00e9alisation de travaux neufs.<\/p>\n\n\n\n<p>3\/ Logistique des manifestations<\/p>\n\n\n\n<p>Un agent d\u00e9di\u00e9 a&nbsp;la responsabilit\u00e9 de&nbsp;l\u2019organisation mat\u00e9rielle des manifestations&nbsp;dans notre commune&nbsp;: installation de podiums, chaises, tables, dispositions s\u00e9curitaires,\u2026<\/p>\n\n\n\n<p>4\/ Valorisation des espaces verts et fleurissement de la commune<\/p>\n\n\n\n<p>L\u2019embellissement de la commune est assur\u00e9 par une \u00e9quipe \u00ab\u00a0Espaces Verts\u00a0\u00bb qui effectue l\u2019\u00e9lagage des arbres, les tailles de haies et arbustes et le fleurissement des 30&nbsp;000 m<sup>2<\/sup>&nbsp;d\u2019espaces verts emmerinois. <br>Cette \u00e9quipe assure \u00e9galement le fauchage des voies communales et les abords des bois.<\/p>\n\n\n\n<p>Enfin, le\u00a0 responsable du service technique\u00a0 assure la liaison entre les administr\u00e9s et les diff\u00e9rentes administrations dans les comp\u00e9tences qui leur sont d\u00e9l\u00e9gu\u00e9es\u00a0: MEL, ENEDIS (anciennement ERDF), GRDF\u2026<br><br>ORGANIGRAMME<\/p>\n\n\n\n<figure class=\"wp-block-image size-full\"><img loading=\"lazy\" decoding=\"async\" width=\"961\" height=\"638\" src=\"https:\/\/www.emmerin.fr\/wp-content\/uploads\/2026\/02\/image.png\" alt=\"\" class=\"wp-image-5128\" srcset=\"https:\/\/www.emmerin.fr\/wp-content\/uploads\/2026\/02\/image.png 961w, https:\/\/www.emmerin.fr\/wp-content\/uploads\/2026\/02\/image-300x199.png 300w, https:\/\/www.emmerin.fr\/wp-content\/uploads\/2026\/02\/image-768x510.png 768w, https:\/\/www.emmerin.fr\/wp-content\/uploads\/2026\/02\/image-140x93.png 140w\" sizes=\"auto, (max-width: 961px) 100vw, 961px\" \/><\/figure>\n","protected":false},"excerpt":{"rendered":"<p>Les services Administratifs: L&rsquo;\u00e9quipe administrative vous accueille du lundi au samedi selon les horaires d&rsquo;ouverture. Afin de garantir une qualit\u00e9 d\u2019accueil optimale pendant ces larges plages d\u2019ouverture, deux cr\u00e9neaux horaires&hellip;<\/p>\n","protected":false},"author":1,"featured_media":0,"parent":0,"menu_order":0,"comment_status":"closed","ping_status":"closed","template":"","meta":{"footnotes":""},"class_list":["post-62","page","type-page","status-publish","hentry"],"_links":{"self":[{"href":"https:\/\/www.emmerin.fr\/index.php\/wp-json\/wp\/v2\/pages\/62","targetHints":{"allow":["GET"]}}],"collection":[{"href":"https:\/\/www.emmerin.fr\/index.php\/wp-json\/wp\/v2\/pages"}],"about":[{"href":"https:\/\/www.emmerin.fr\/index.php\/wp-json\/wp\/v2\/types\/page"}],"author":[{"embeddable":true,"href":"https:\/\/www.emmerin.fr\/index.php\/wp-json\/wp\/v2\/users\/1"}],"replies":[{"embeddable":true,"href":"https:\/\/www.emmerin.fr\/index.php\/wp-json\/wp\/v2\/comments?post=62"}],"version-history":[{"count":22,"href":"https:\/\/www.emmerin.fr\/index.php\/wp-json\/wp\/v2\/pages\/62\/revisions"}],"predecessor-version":[{"id":5130,"href":"https:\/\/www.emmerin.fr\/index.php\/wp-json\/wp\/v2\/pages\/62\/revisions\/5130"}],"wp:attachment":[{"href":"https:\/\/www.emmerin.fr\/index.php\/wp-json\/wp\/v2\/media?parent=62"}],"curies":[{"name":"wp","href":"https:\/\/api.w.org\/{rel}","templated":true}]}}