{"id":375,"date":"2021-02-24T14:46:00","date_gmt":"2021-02-24T13:46:00","guid":{"rendered":"https:\/\/logisel.org\/ville-emmerin\/wordpress\/?page_id=375"},"modified":"2024-09-05T14:58:10","modified_gmt":"2024-09-05T12:58:10","slug":"ecole-municipale-de-musique","status":"publish","type":"page","link":"https:\/\/www.emmerin.fr\/index.php\/ecole-municipale-de-musique\/","title":{"rendered":"Ecole municipale de musique"},"content":{"rendered":"<div class=\"wp-block-image\">\n<figure class=\"aligncenter size-large\"><img loading=\"lazy\" decoding=\"async\" width=\"1024\" height=\"682\" src=\"https:\/\/logisel.org\/ville-emmerin\/wordpress\/wp-content\/uploads\/2021\/03\/music-4641313_1280-1024x682.jpg\" alt=\"\" class=\"wp-image-567\" srcset=\"https:\/\/www.emmerin.fr\/wp-content\/uploads\/2021\/03\/music-4641313_1280-1024x682.jpg 1024w, https:\/\/www.emmerin.fr\/wp-content\/uploads\/2021\/03\/music-4641313_1280-300x200.jpg 300w, https:\/\/www.emmerin.fr\/wp-content\/uploads\/2021\/03\/music-4641313_1280-768x512.jpg 768w, https:\/\/www.emmerin.fr\/wp-content\/uploads\/2021\/03\/music-4641313_1280-90x60.jpg 90w, https:\/\/www.emmerin.fr\/wp-content\/uploads\/2021\/03\/music-4641313_1280-420x280.jpg 420w, https:\/\/www.emmerin.fr\/wp-content\/uploads\/2021\/03\/music-4641313_1280.jpg 1280w\" sizes=\"auto, (max-width: 1024px) 100vw, 1024px\" \/><\/figure>\n<\/div>\n\n\n<p><\/p>\n\n\n\n<p><\/p>\n\n\n\n<p><\/p>\n\n\n\n<h2 class=\"wp-block-heading\">L\u2019Ecole de Musique<\/h2>\n\n\n\n<p>L\u2019\u00e9cole de Musique a pour vocation premi\u00e8re de former de jeunes musiciens . Lorsque ceux-ci ont le niveau requis, ils int\u00e8grent en premier lieu la classe d\u2019orchestre (enseignement dispens\u00e9 au sein de l\u2019\u00e9cole), puis ils sont accueillis soit en musique de chambre, soit \u00e0 la Nouvelle Concorde .Ces jeunes \u00e9l\u00e8ves ont bien s\u00fbr la possibilit\u00e9 de poursuivre leurs \u00e9tudes dans les diff\u00e9rents conservatoires de la r\u00e9gion.<\/p>\n\n\n\n<p>L\u2019entr\u00e9e au sein de l\u2019orchestre d\u2019harmonie d\u00e9pend de l\u2019\u00e2ge, du niveau et des disponibilit\u00e9s du musicien.<\/p>\n\n\n\n<p>Le cursus instrumental s\u2019effectue par cycles&nbsp;:&nbsp;<\/p>\n\n\n\n<p>Les examens interm\u00e9diaires s\u2019effectuent chaque ann\u00e9e. L\u2019examen de fin de cycle 1 s\u2019effectue au bout de 3, 4 ou 5 ans de pratique.&nbsp;<\/p>\n\n\n\n<p>Le fonctionnement est similaire pour le cycle 2.<\/p>\n\n\n\n<p>Le cycle 3 dure 2 ann\u00e9es.<\/p>\n\n\n\n<p>L\u2019Ecole de Musique propose&nbsp; aux \u00e9l\u00e8ves 8 disciplines instrumentales&nbsp;: classe d\u2019orchestre, fl\u00fbte&nbsp; traversi\u00e8re, clarinette, saxophone, trompette, percussions, tuba, trombone.<\/p>\n\n\n\n<p>Autrefois appel\u00e9 solf\u00e8ge, les cours de formation musicale constituent la colonne vert\u00e9brale de l\u2019\u00e9cole autour de laquelle s\u2019articulent les cours d\u2019instruments et d\u2019orchestre.<\/p>\n\n\n\n<p>Deux groupes d\u2019\u00e9veil musical (jeux, \u00e9coute et chants ) sensibilisent&nbsp; et initient les plus jeunes enfants \u00e0 la pratique musicale.Une \u00e9quipe p\u00e9dagogique motiv\u00e9e, engag\u00e9e et dynamique, toujours \u00e0 l\u2019\u00e9coute vous attend \u00e0 l\u2019espace Musique Yves DUPONT<\/p>\n\n\n\n<div class=\"wp-block-file\"><a id=\"wp-block-file--media-d2a08f97-cd1e-46de-8eb1-47d72fc04e45\" href=\"https:\/\/www.emmerin.fr\/wp-content\/uploads\/2024\/09\/Musique_2024090515534058.pdf\">Musique_2024090515534058<\/a><\/div>\n","protected":false},"excerpt":{"rendered":"<p>L\u2019Ecole de Musique L\u2019\u00e9cole de Musique a pour vocation premi\u00e8re de former de jeunes musiciens . Lorsque ceux-ci ont le niveau requis, ils int\u00e8grent en premier lieu la classe d\u2019orchestre&hellip;<\/p>\n","protected":false},"author":1,"featured_media":0,"parent":0,"menu_order":0,"comment_status":"closed","ping_status":"closed","template":"","meta":{"footnotes":""},"class_list":["post-375","page","type-page","status-publish","hentry"],"_links":{"self":[{"href":"https:\/\/www.emmerin.fr\/index.php\/wp-json\/wp\/v2\/pages\/375","targetHints":{"allow":["GET"]}}],"collection":[{"href":"https:\/\/www.emmerin.fr\/index.php\/wp-json\/wp\/v2\/pages"}],"about":[{"href":"https:\/\/www.emmerin.fr\/index.php\/wp-json\/wp\/v2\/types\/page"}],"author":[{"embeddable":true,"href":"https:\/\/www.emmerin.fr\/index.php\/wp-json\/wp\/v2\/users\/1"}],"replies":[{"embeddable":true,"href":"https:\/\/www.emmerin.fr\/index.php\/wp-json\/wp\/v2\/comments?post=375"}],"version-history":[{"count":6,"href":"https:\/\/www.emmerin.fr\/index.php\/wp-json\/wp\/v2\/pages\/375\/revisions"}],"predecessor-version":[{"id":4071,"href":"https:\/\/www.emmerin.fr\/index.php\/wp-json\/wp\/v2\/pages\/375\/revisions\/4071"}],"wp:attachment":[{"href":"https:\/\/www.emmerin.fr\/index.php\/wp-json\/wp\/v2\/media?parent=375"}],"curies":[{"name":"wp","href":"https:\/\/api.w.org\/{rel}","templated":true}]}}