{"id":273,"date":"2021-02-23T13:43:42","date_gmt":"2021-02-23T12:43:42","guid":{"rendered":"https:\/\/logisel.org\/ville-emmerin\/wordpress\/?page_id=273"},"modified":"2026-01-15T14:23:07","modified_gmt":"2026-01-15T13:23:07","slug":"accueil-de-loisirs-periscolaire","status":"publish","type":"page","link":"https:\/\/www.emmerin.fr\/index.php\/accueil-de-loisirs-periscolaire\/","title":{"rendered":"Accueil de loisirs p\u00e9riscolaire"},"content":{"rendered":"\n<figure class=\"wp-block-image size-large is-resized\"><img loading=\"lazy\" decoding=\"async\" width=\"750\" height=\"1000\" src=\"https:\/\/www.emmerin.fr\/wp-content\/uploads\/2021\/07\/IMAGE-PERISCOLAIRE.jpg\" alt=\"\" class=\"wp-image-994\" style=\"width:434px;height:578px\" srcset=\"https:\/\/www.emmerin.fr\/wp-content\/uploads\/2021\/07\/IMAGE-PERISCOLAIRE.jpg 750w, https:\/\/www.emmerin.fr\/wp-content\/uploads\/2021\/07\/IMAGE-PERISCOLAIRE-225x300.jpg 225w, https:\/\/www.emmerin.fr\/wp-content\/uploads\/2021\/07\/IMAGE-PERISCOLAIRE-45x60.jpg 45w\" sizes=\"auto, (max-width: 750px) 100vw, 750px\" \/><\/figure>\n\n\n\n<p><\/p>\n\n\n\n<p>Pour inscrire votre enfant \u00e0 l&rsquo;accueil p\u00e9riscolaire, vous devez obligatoirement compl\u00e9ter et d\u00e9poser le dossier ci-dessous \u00e0&nbsp; l&rsquo;accueil de la mairie.<\/p>\n\n\n\n<div data-wp-interactive=\"core\/file\" class=\"wp-block-file\"><object data-wp-bind--hidden=\"!state.hasPdfPreview\" hidden class=\"wp-block-file__embed\" data=\"https:\/\/www.emmerin.fr\/wp-content\/uploads\/2024\/08\/Fiche-sanitaire.pdf\" type=\"application\/pdf\" style=\"width:100%;height:600px\" aria-label=\"Contenu embarqu\u00e9 Fiche sanitaire.\"><\/object><a id=\"wp-block-file--media-329efa49-834d-41a8-b448-4c3a2ae593df\" href=\"https:\/\/www.emmerin.fr\/wp-content\/uploads\/2024\/08\/Fiche-sanitaire.pdf\">Fiche sanitaire<\/a><\/div>\n\n\n\n<p>Ensuite, vous devez inscrire les jours de pr\u00e9sences de votre enfant sur le site \u00ab\u00a0Cantine de France\u00a0\u00bb&nbsp;.<\/p>\n\n\n\n<p><\/p>\n\n\n\n<p><\/p>\n\n\n\n<h2 class=\"wp-block-heading has-black-color has-text-color\">Les Horaires  <\/h2>\n\n\n\n<p class=\"has-vivid-cyan-blue-color has-text-color has-medium-font-size\">Lundi \/ Mardi \/ Jeudi \/ Vendredi (En p\u00e9riode scolaire)<\/p>\n\n\n\n<p style=\"font-size:19px\">07h00 \u00e0 08h20 \/ 16h30 \u00e0 19h00<\/p>\n\n\n\n<p><\/p>\n\n\n\n<p><\/p>\n\n\n\n<p class=\"has-vivid-cyan-blue-color has-text-color\">Cliquez&nbsp;ci-dessous pour t\u00e9l\u00e9charger les tarifs p\u00e9ri et extra scolaire<\/p>\n\n\n\n<div class=\"wp-block-file\"><a id=\"wp-block-file--media-a68dc568-cac4-4a40-9830-26147325b246\" href=\"https:\/\/www.emmerin.fr\/wp-content\/uploads\/2026\/01\/DELIB-2025_28-correctif-tarifs-PERI-EXTRA-scolaire-1.pdf\">TARIFS 2026\/2027<\/a><a href=\"https:\/\/www.emmerin.fr\/wp-content\/uploads\/2026\/01\/DELIB-2025_28-correctif-tarifs-PERI-EXTRA-scolaire-1.pdf\" class=\"wp-block-file__button wp-element-button\" download aria-describedby=\"wp-block-file--media-a68dc568-cac4-4a40-9830-26147325b246\">T\u00e9l\u00e9charger<\/a><\/div>\n\n\n\n<p><\/p>\n\n\n\n<p><\/p>\n\n\n\n<h2 class=\"wp-block-heading\"><strong>Comment s\u2019organise l\u2019Accueil de loisirs p\u00e9riscolaire ?<\/strong><\/h2>\n\n\n\n<p><strong>D\u00e9roulement des accueils&nbsp;:<\/strong><br>L\u2019accueil du matin&nbsp;est un temps calme, ou chaque enfant agit \u00e0 son rythme. Les activit\u00e9s propos\u00e9es le matin sont souvent des activit\u00e9s manuelles, des jeux de soci\u00e9t\u00e9s, ou des jeux libres. Il n&rsquo;y a&nbsp; pas d&rsquo;inscription pr\u00e9alable pour le matin.<\/p>\n\n\n\n<p>Le soir, les animateurs vont chercher les enfants \u00e0 l&rsquo;\u00e9cole \u00e0 16h30.&nbsp;<\/p>\n\n\n\n<p><strong><em>Pour inscrire les enfants&nbsp;\u00e0 l&rsquo;accueil p\u00e9riscolaire du soir, il est important de bien s&rsquo;inscrire sur le portail famille.<\/em><\/strong><\/p>\n\n\n\n<p><strong><em>Il faut \u00e9galement signaler \u00e0 l&rsquo;instituteur les jours de pr\u00e9sences de votre enfant \u00e0 l&rsquo;accueil p\u00e9riscolaire du soir et le tenir informer de tout changement d&#8217;emploi du temps.<\/em><\/strong><\/p>\n\n\n\n<p>Les enfants sont emmen\u00e9s&nbsp; au restaurant scolaire pour le go\u00fbter.<\/p>\n\n\n\n<p>Apr\u00e8s le go\u00fbter, Les animateurs proposent diverses activit\u00e9s.&nbsp;<\/p>\n\n\n\n<p>L\u2019accueil de loisirs p\u00e9riscolaire ferme ses portes \u00e0&nbsp;<strong>19h00.<\/strong><\/p>\n\n\n\n<p>Pour plus de renseignements, vous pouvez contacter Julie Piers, directrice de l\u2019Accueil de loisirs p\u00e9riscolaire.<\/p>\n\n\n\n<p><strong>Pour nous joindre: 06.70.74.24.40 ou&nbsp;julie.piers@ville-emmerin.net<\/strong><\/p>\n\n\n\n<p><strong>R\u00e9glement<\/strong><\/p>\n\n\n\n<div class=\"wp-block-file\"><a id=\"wp-block-file--media-d9d2d09d-f95e-47fe-a4b3-88716c192546\" href=\"https:\/\/www.emmerin.fr\/wp-content\/uploads\/2024\/09\/Reglement-accueils-periscolaires.pdf\">Reglement accueils periscolaires<\/a><\/div>\n","protected":false},"excerpt":{"rendered":"<p>Pour inscrire votre enfant \u00e0 l&rsquo;accueil p\u00e9riscolaire, vous devez obligatoirement compl\u00e9ter et d\u00e9poser le dossier ci-dessous \u00e0&nbsp; l&rsquo;accueil de la mairie. Ensuite, vous devez inscrire les jours de pr\u00e9sences de&hellip;<\/p>\n","protected":false},"author":1,"featured_media":0,"parent":0,"menu_order":0,"comment_status":"closed","ping_status":"closed","template":"","meta":{"footnotes":""},"class_list":["post-273","page","type-page","status-publish","hentry"],"_links":{"self":[{"href":"https:\/\/www.emmerin.fr\/index.php\/wp-json\/wp\/v2\/pages\/273","targetHints":{"allow":["GET"]}}],"collection":[{"href":"https:\/\/www.emmerin.fr\/index.php\/wp-json\/wp\/v2\/pages"}],"about":[{"href":"https:\/\/www.emmerin.fr\/index.php\/wp-json\/wp\/v2\/types\/page"}],"author":[{"embeddable":true,"href":"https:\/\/www.emmerin.fr\/index.php\/wp-json\/wp\/v2\/users\/1"}],"replies":[{"embeddable":true,"href":"https:\/\/www.emmerin.fr\/index.php\/wp-json\/wp\/v2\/comments?post=273"}],"version-history":[{"count":24,"href":"https:\/\/www.emmerin.fr\/index.php\/wp-json\/wp\/v2\/pages\/273\/revisions"}],"predecessor-version":[{"id":5034,"href":"https:\/\/www.emmerin.fr\/index.php\/wp-json\/wp\/v2\/pages\/273\/revisions\/5034"}],"wp:attachment":[{"href":"https:\/\/www.emmerin.fr\/index.php\/wp-json\/wp\/v2\/media?parent=273"}],"curies":[{"name":"wp","href":"https:\/\/api.w.org\/{rel}","templated":true}]}}